{"id":63989,"date":"2025-09-11T09:17:04","date_gmt":"2025-09-11T13:17:04","guid":{"rendered":"https:\/\/www.crea-mt.org.br\/portal\/?post_type=licitacoes&#038;p=63989"},"modified":"2025-09-11T12:56:39","modified_gmt":"2025-09-11T16:56:39","slug":"concorrencia-eletronica-no-03-2025-referente-contratacao-de-empresa-engenharia-arquitetura-para-execucao-de-obra-de-reforma-nas-inspetorias-do-crea-mt-nos-municipios-de-diamantino-juara-juina-e-sa","status":"publish","type":"licitacoes","link":"https:\/\/www.crea-mt.org.br\/portal\/licitacoes\/concorrencia-eletronica-no-03-2025-referente-contratacao-de-empresa-engenharia-arquitetura-para-execucao-de-obra-de-reforma-nas-inspetorias-do-crea-mt-nos-municipios-de-diamantino-juara-juina-e-sa\/","title":{"rendered":"CONCORR\u00caNCIA ELETR\u00d4NICA N\u00ba 03\/2025, REFERENTE CONTRATA\u00c7\u00c3O DE EMPRESA ENGENHARIA\/ARQUITETURA PARA EXECU\u00c7\u00c3O DE OBRA DE REFORMA NAS INSPETORIAS DO CREA\/MT, NOS MUNIC\u00cdPIOS DE DIAMANTINO, JUARA, JU\u00cdNA E SAPEZAL."},"content":{"rendered":"<p>Objeto consiste na contrata\u00e7\u00e3o de empresa de engenharia\/arquitetura para execu\u00e7\u00e3o de obra de Reforma nas Inspetorias do CREA-MT, localizadas nas cidades de Diamantino, Juara, Ju\u00edna e Sapezal, conforme especifica\u00e7\u00f5es t\u00e9cnicas, condi\u00e7\u00f5es e quantitativos constantes neste Edital e seus Anexos.<\/p>\n<p>&nbsp;<\/p>\n<!-- WP Attachments -->\r\n        <div style=\"width:100%;margin:10px 0 10px 0;\">\r\n            <h3>Attachments<\/h3>\r\n        <ul class=\"post-attachments\"><li class=\"post-attachment mime-application-pdf\"><a href=\"https:\/\/www.crea-mt.org.br\/portal\/wp-content\/uploads\/2025\/09\/C-03-2025-REFORMA-INSPETORIAS-E-SEUS-ANEXOS-25.09-1.pdf\">C 03-2025 - REFORMA INSPETORIAS E SEUS ANEXOS 25.09<\/a> <small>(3 MB)<\/small><\/li><li class=\"post-attachment mime-application-pdf\"><a href=\"https:\/\/www.crea-mt.org.br\/portal\/wp-content\/uploads\/2025\/09\/BDI-1.pdf\">BDI<\/a> <small>(74 kB)<\/small><\/li><li class=\"post-attachment mime-application-pdf\"><a href=\"https:\/\/www.crea-mt.org.br\/portal\/wp-content\/uploads\/2025\/09\/Planilhas-orcamentarias-composicoes-e-cotacoes-Diamantino-1.pdf\">Planilhas or\u00e7ament\u00e1rias, composi\u00e7\u00f5es e cota\u00e7\u00f5es - Diamantino<\/a> <small>(414 kB)<\/small><\/li><li class=\"post-attachment mime-application-pdf\"><a href=\"https:\/\/www.crea-mt.org.br\/portal\/wp-content\/uploads\/2025\/09\/Planilhas-orcamentarias-composicoes-e-cotacoes-Juara-1.pdf\">Planilhas or\u00e7ament\u00e1rias, composi\u00e7\u00f5es e cota\u00e7\u00f5es - Juara<\/a> <small>(295 kB)<\/small><\/li><li class=\"post-attachment mime-application-pdf\"><a href=\"https:\/\/www.crea-mt.org.br\/portal\/wp-content\/uploads\/2025\/09\/Planilhas-orcamentarias-composicoes-e-cotacoes-Juina-1.pdf\">Planilhas or\u00e7ament\u00e1rias, composi\u00e7\u00f5es e cota\u00e7\u00f5es - Ju\u00edna<\/a> <small>(367 kB)<\/small><\/li><li class=\"post-attachment mime-application-pdf\"><a href=\"https:\/\/www.crea-mt.org.br\/portal\/wp-content\/uploads\/2025\/09\/Planilhas-orcamentarias-composicoes-e-cotacoes-Sapezal-1.pdf\">Planilhas or\u00e7ament\u00e1rias, composi\u00e7\u00f5es e cota\u00e7\u00f5es - Sapezal<\/a> <small>(348 kB)<\/small><\/li><li class=\"post-attachment mime-application-pdf\"><a href=\"https:\/\/www.crea-mt.org.br\/portal\/wp-content\/uploads\/2025\/09\/RELATORIO-FOTOGRAFICO-DIAMANTINO-2.pdf\">RELAT\u00d3RIO FOTOGRAFICO - DIAMANTINO<\/a> <small>(804 kB)<\/small><\/li><li class=\"post-attachment mime-application-pdf\"><a href=\"https:\/\/www.crea-mt.org.br\/portal\/wp-content\/uploads\/2025\/09\/RELATORIO-FOTOGRAFICO-SAPEZAL-1.pdf\">RELAT\u00d3RIO FOTOGRAFICO - SAPEZAL<\/a> <small>(743 kB)<\/small><\/li><li class=\"post-attachment mime-application-pdf\"><a href=\"https:\/\/www.crea-mt.org.br\/portal\/wp-content\/uploads\/2025\/09\/RELATORIO-FOTOGRAFICO-JUARA-1.pdf\">RELAT\u00d3RIO FOTOGRAFICO -JUARA<\/a> <small>(875 kB)<\/small><\/li><li class=\"post-attachment mime-application-pdf\"><a href=\"https:\/\/www.crea-mt.org.br\/portal\/wp-content\/uploads\/2025\/09\/RELATORIO-FOTOGRAFICO-JUINA-1.pdf\">RELAT\u00d3RIO FOTOGRAFICO -JU\u00cdNA<\/a> <small>(775 kB)<\/small><\/li><\/ul><\/div>","protected":false},"featured_media":0,"template":"","class_list":["post-63989","licitacoes","type-licitacoes","status-publish","hentry"],"acf":[],"_links":{"self":[{"href":"https:\/\/www.crea-mt.org.br\/portal\/wp-json\/wp\/v2\/licitacoes\/63989","targetHints":{"allow":["GET"]}}],"collection":[{"href":"https:\/\/www.crea-mt.org.br\/portal\/wp-json\/wp\/v2\/licitacoes"}],"about":[{"href":"https:\/\/www.crea-mt.org.br\/portal\/wp-json\/wp\/v2\/types\/licitacoes"}],"wp:attachment":[{"href":"https:\/\/www.crea-mt.org.br\/portal\/wp-json\/wp\/v2\/media?parent=63989"}],"curies":[{"name":"wp","href":"https:\/\/api.w.org\/{rel}","templated":true}]}}