{"id":33107,"date":"2021-10-20T11:22:28","date_gmt":"2021-10-20T15:22:28","guid":{"rendered":"https:\/\/www.crea-mt.org.br\/portal\/?post_type=contratacoes_diretas&#038;p=33107"},"modified":"2021-10-29T11:49:31","modified_gmt":"2021-10-29T15:49:31","slug":"aquisicao-de-recarga-de-extintor-de-extintores-e-placa-de-sinalizacao","status":"publish","type":"contratacoes_diretas","link":"https:\/\/www.crea-mt.org.br\/portal\/contratacoes_diretas\/aquisicao-de-recarga-de-extintor-de-extintores-e-placa-de-sinalizacao\/","title":{"rendered":"Aquisi\u00e7\u00e3o de recarga de extintor, de extintores e placa de sinaliza\u00e7\u00e3o"},"content":{"rendered":"<p>Contrata\u00e7\u00e3o de empresa especializada para a aquisi\u00e7\u00e3o de recarga de extintor, de extintores e placa de sinaliza\u00e7\u00e3o, para atender as necessidades do CREA-MT.<\/p>\n<p><strong>Tipo:<\/strong>\u00a0Outros<br \/>\n<strong>Data:<\/strong> 25\/10\/2021<br \/>\n<strong>Processo:<\/strong> 2021018617<br \/>\n<strong>Edital:<\/strong> Compra direta<br \/>\n<strong>Local:<\/strong>\u00a0Encaminhar or\u00e7amento no e-mail compras@crea-mt.org.br<\/p>\n<p><strong>Anexos:<\/strong><\/p>\n<p><a href=\"https:\/\/www.crea-mt.org.br\/portal\/wp-content\/uploads\/2021\/10\/Documento-de-Formalizacao-de-Demanda-4.pdf\">1 &#8211; Documento de Formaliza\u00e7\u00e3o de Demanda<\/a><\/p>\n<p><a href=\"https:\/\/www.crea-mt.org.br\/portal\/wp-content\/uploads\/2021\/10\/079-Termo-de-Referencia-Aquisicao-de-recarga-de-extintor-de-extintores-e-placa-de-sinalizacao-1.pdf\">2 &#8211; Termo de Refer\u00eancia <\/a><\/p>\n<p><a href=\"https:\/\/www.crea-mt.org.br\/portal\/wp-content\/uploads\/2021\/09\/Modelo-de-proposta-de-orcamento-1.docx\">3 &#8211; Modelo de proposta de or\u00e7amento<\/a><\/p>\n<!-- WP Attachments -->\r\n        <div style=\"width:100%;margin:10px 0 10px 0;\">\r\n            <h3>Attachments<\/h3>\r\n        <ul class=\"post-attachments\"><li class=\"post-attachment mime-application-pdf\"><a href=\"https:\/\/www.crea-mt.org.br\/portal\/wp-content\/uploads\/2021\/10\/Documento-de-Formalizacao-de-Demanda-4.pdf\">Documento de Formaliza\u00e7\u00e3o de Demanda<\/a> <small>(399 kB)<\/small><\/li><li class=\"post-attachment mime-application-pdf\"><a href=\"https:\/\/www.crea-mt.org.br\/portal\/wp-content\/uploads\/2021\/10\/079-Termo-de-Referencia-Aquisicao-de-recarga-de-extintor-de-extintores-e-placa-de-sinalizacao.pdf\">079 - Termo de Refer\u00eancia - Aquisi\u00e7\u00e3o de recarga de extintor, de extintores e placa de sinaliza\u00e7\u00e3o<\/a> <small>(2 MB)<\/small><\/li><li class=\"post-attachment mime-application-pdf\"><a href=\"https:\/\/www.crea-mt.org.br\/portal\/wp-content\/uploads\/2021\/10\/079-Termo-de-Referencia-Aquisicao-de-recarga-de-extintor-de-extintores-e-placa-de-sinalizacao-1.pdf\">079 - Termo de Refer\u00eancia - Aquisi\u00e7\u00e3o de recarga de extintor, de extintores e placa de sinaliza\u00e7\u00e3o<\/a> <small>(2 MB)<\/small><\/li><\/ul><\/div>","protected":false},"featured_media":0,"template":"","class_list":["post-33107","contratacoes_diretas","type-contratacoes_diretas","status-publish","hentry"],"acf":[],"_links":{"self":[{"href":"https:\/\/www.crea-mt.org.br\/portal\/wp-json\/wp\/v2\/contratacoes_diretas\/33107","targetHints":{"allow":["GET"]}}],"collection":[{"href":"https:\/\/www.crea-mt.org.br\/portal\/wp-json\/wp\/v2\/contratacoes_diretas"}],"about":[{"href":"https:\/\/www.crea-mt.org.br\/portal\/wp-json\/wp\/v2\/types\/contratacoes_diretas"}],"wp:attachment":[{"href":"https:\/\/www.crea-mt.org.br\/portal\/wp-json\/wp\/v2\/media?parent=33107"}],"curies":[{"name":"wp","href":"https:\/\/api.w.org\/{rel}","templated":true}]}}