{"id":32774,"date":"2021-10-05T15:47:03","date_gmt":"2021-10-05T19:47:03","guid":{"rendered":"https:\/\/www.crea-mt.org.br\/portal\/?post_type=contratacoes_diretas&#038;p=32774"},"modified":"2021-10-07T13:00:53","modified_gmt":"2021-10-07T17:00:53","slug":"reforma-das-cadeiras-do-auditorio","status":"publish","type":"contratacoes_diretas","link":"https:\/\/www.crea-mt.org.br\/portal\/contratacoes_diretas\/reforma-das-cadeiras-do-auditorio\/","title":{"rendered":"Presta\u00e7\u00e3o de servi\u00e7os de reforma de cadeiras do audit\u00f3rio da Inspetoria de Mirassol D&#8217; Oeste"},"content":{"rendered":"<p>Contrata\u00e7\u00e3o de empresa especializada para presta\u00e7\u00e3o de servi\u00e7os de reforma de 25 (vinte e cinco) cadeiras do audit\u00f3rio da Inspetoria de Mirassol D&#8217; Oeste.<\/p>\n<p><strong>Tipo:<\/strong>\u00a0Outros<br \/>\n<strong>Data:<\/strong> 08\/10\/2021<br \/>\n<strong>Processo:<\/strong> 2021018600<br \/>\n<strong>Edital:<\/strong> Compra direta<br \/>\n<strong>Local:<\/strong>\u00a0Encaminhar or\u00e7amento no e-mail compras@crea-mt.org.br<\/p>\n<p><strong>Anexos:<\/strong><\/p>\n<p><a href=\"https:\/\/www.crea-mt.org.br\/portal\/wp-content\/uploads\/2021\/10\/Documento-de-Formalizacao-de-Demanda-2.pdf\">1 &#8211; Documento de Formaliza\u00e7\u00e3o de Demanda<\/a><\/p>\n<p><a href=\"https:\/\/www.crea-mt.org.br\/portal\/wp-content\/uploads\/2021\/10\/077-Termo-de-Referencia-Prestacao-de-servicos-de-reforma-de-cadeiras.pdf\">2 &#8211; Termo de Refer\u00eancia<\/a><\/p>\n<p><a href=\"https:\/\/www.crea-mt.org.br\/portal\/wp-content\/uploads\/2021\/10\/Modelo-de-proposta-de-orcamento.docx\">3 &#8211; Modelo de proposta de or\u00e7amento<\/a><\/p>\n<!-- WP Attachments -->\r\n        <div style=\"width:100%;margin:10px 0 10px 0;\">\r\n            <h3>Attachments<\/h3>\r\n        <ul class=\"post-attachments\"><li class=\"post-attachment mime-application-vnd-openxmlformats-officedocument-wordprocessingml-document\"><a href=\"https:\/\/www.crea-mt.org.br\/portal\/wp-content\/uploads\/2021\/10\/Modelo-de-proposta-de-orcamento.docx\">Modelo de proposta de or\u00e7amento<\/a> <small>(15 kB)<\/small><\/li><li class=\"post-attachment mime-application-pdf\"><a href=\"https:\/\/www.crea-mt.org.br\/portal\/wp-content\/uploads\/2021\/10\/Termo-de-Referencia.pdf\">Termo de Refer\u00eancia<\/a> <small>(2 MB)<\/small><\/li><li class=\"post-attachment mime-application-pdf\"><a href=\"https:\/\/www.crea-mt.org.br\/portal\/wp-content\/uploads\/2021\/10\/Documento-de-Formalizacao-de-Demanda-2.pdf\">Documento de Formaliza\u00e7\u00e3o de Demanda<\/a> <small>(416 kB)<\/small><\/li><li class=\"post-attachment mime-application-pdf\"><a href=\"https:\/\/www.crea-mt.org.br\/portal\/wp-content\/uploads\/2021\/10\/077-Termo-de-Referencia-Prestacao-de-servicos-de-reforma-de-cadeiras.pdf\">077 - Termo de Refer\u00eancia - Presta\u00e7\u00e3o de servi\u00e7os de reforma de cadeiras<\/a> <small>(661 kB)<\/small><\/li><\/ul><\/div>","protected":false},"featured_media":0,"template":"","class_list":["post-32774","contratacoes_diretas","type-contratacoes_diretas","status-publish","hentry"],"acf":[],"_links":{"self":[{"href":"https:\/\/www.crea-mt.org.br\/portal\/wp-json\/wp\/v2\/contratacoes_diretas\/32774","targetHints":{"allow":["GET"]}}],"collection":[{"href":"https:\/\/www.crea-mt.org.br\/portal\/wp-json\/wp\/v2\/contratacoes_diretas"}],"about":[{"href":"https:\/\/www.crea-mt.org.br\/portal\/wp-json\/wp\/v2\/types\/contratacoes_diretas"}],"wp:attachment":[{"href":"https:\/\/www.crea-mt.org.br\/portal\/wp-json\/wp\/v2\/media?parent=32774"}],"curies":[{"name":"wp","href":"https:\/\/api.w.org\/{rel}","templated":true}]}}